{"id":1185,"date":"2026-09-03T22:00:46","date_gmt":"2026-09-04T01:00:46","guid":{"rendered":"https:\/\/isdsoto-cba.infd.edu.ar\/sitio\/?page_id=1185"},"modified":"2026-09-03T23:02:03","modified_gmt":"2026-09-04T02:02:03","slug":"educacion-primaria","status":"publish","type":"page","link":"https:\/\/isdsoto-cba.infd.edu.ar\/sitio\/educacion-primaria\/","title":{"rendered":"EDUCACI\u00d3N PRIMARIA"},"content":{"rendered":"\n\n<!-- ====== FINALIDADES Y PERFIL - EDUCACI\u00d3N PRIMARIA ====== -->\n<section style=\"padding: 60px 20px; background: white;\">\n  <div style=\"max-width: 1000px; margin: 0 auto;\">\n    \n    <!-- T\u00cdTULO PRINCIPAL -->\n    <h2 style=\"font-size: 2em; color: #1a1a1a; margin-bottom: 30px; font-weight: 700; padding-bottom: 15px; border-bottom: 3px solid #8b1538;\">\n      Finalidades y Perfil de la Formaci\u00f3n Docente de Educaci\u00f3n Primaria\n    <\/h2>\n\n    <!-- INTRODUCCI\u00d3N INICIAL -->\n    <div style=\"margin-bottom: 40px;\">\n      <p style=\"color: #333; font-size: 1.05em; line-height: 1.8; text-align: justify; margin-bottom: 20px;\">\n        El Profesorado de Educaci\u00f3n Primaria te prepara para ser docente de grado de ni\u00f1os o adultos en instituciones educativas de gesti\u00f3n p\u00fablica o privada, escuelas rurales, urbanas o centros de alfabetizaci\u00f3n.\n      <\/p>\n      \n      <p style=\"color: #333; font-size: 1.05em; line-height: 1.8; text-align: justify; margin-bottom: 20px;\">\n        Como profesional de la Educaci\u00f3n Primaria vas a saber dise\u00f1ar, planificar y evaluar los procesos de ense\u00f1anza y aprendizaje de manera activa y creativa.\n      <\/p>\n      \n      <p style=\"color: #333; font-size: 1.05em; line-height: 1.8; text-align: justify;\">\n        La docencia es una profesi\u00f3n y un trabajo cuya especificidad se centra en los procesos de transmisi\u00f3n y producci\u00f3n de conocimientos en torno a la ense\u00f1anza tendiente al desarrollo integral de los sujetos con los que se interact\u00faa. La ense\u00f1anza se define como una acci\u00f3n compleja que se despliega en la toma de decisiones acerca de qu\u00e9 ense\u00f1ar, c\u00f3mo ense\u00f1ar, para qu\u00e9 ense\u00f1ar, y que requiere de la reflexi\u00f3n y comprensi\u00f3n de las m\u00faltiples dimensiones socio-pol\u00edticas, hist\u00f3rico-culturales, pedag\u00f3gicas, metodol\u00f3gicas y disciplinares, para el desarrollo de pr\u00e1cticas educativas transformadoras del propio sujeto, del otro y del contexto en que se act\u00faa.\n      <\/p>\n    <\/div>\n\n    <!-- DESCRIPCI\u00d3N DE LA CARRERA -->\n    <div style=\"margin-bottom: 40px; background: #f9f9f9; padding: 30px; border-radius: 8px; border-left: 4px solid #8b1538;\">\n      <h3 style=\"font-size: 1.3em; color: #1a1a1a; margin-top: 0; margin-bottom: 20px; font-weight: 700;\">\n        Profesorado de Educaci\u00f3n Primaria\n      <\/h3>\n      \n      <p style=\"color: #333; font-size: 1.05em; line-height: 1.8; text-align: justify;\">\n        Forma docentes para desempe\u00f1arse en el nivel primario. Es una carrera de 4 a\u00f1os de duraci\u00f3n y su formaci\u00f3n incluye:\n      <\/p>\n    <\/div>\n\n    <!-- CONTENIDOS DE FORMACI\u00d3N -->\n    <div style=\"margin-bottom: 40px;\">\n      <ul style=\"list-style: none; padding: 0; margin: 0;\">\n        <li style=\"padding: 20px 0; border-bottom: 1px solid #eee; color: #333; line-height: 1.8; text-align: justify;\">\n          <span style=\"color: #8b1538; font-weight: 700; margin-right: 15px;\">&#x1f4da;<\/span>\n          El conocimiento del sistema educativo, la escuela, la ense\u00f1anza y el trabajo docente en el contexto hist\u00f3rico y social actual.\n        <\/li>\n        <li style=\"padding: 20px 0; border-bottom: 1px solid #eee; color: #333; line-height: 1.8; text-align: justify;\">\n          <span style=\"color: #8b1538; font-weight: 700; margin-right: 15px;\">&#x1f4da;<\/span>\n          El conocimiento de las caracter\u00edsticas y necesidades de las y los alumnos del Nivel Primario.\n        <\/li>\n        <li style=\"padding: 20px 0; border-bottom: 1px solid #eee; color: #333; line-height: 1.8; text-align: justify;\">\n          <span style=\"color: #8b1538; font-weight: 700; margin-right: 15px;\">&#x1f4da;<\/span>\n          El conocimiento de las \u00e1reas que se ense\u00f1an en el Nivel Primario y de los enfoques y estrategias de ense\u00f1anza para cada una.\n        <\/li>\n        <li style=\"padding: 20px 0; color: #333; line-height: 1.8; text-align: justify;\">\n          <span style=\"color: #8b1538; font-weight: 700; margin-right: 15px;\">&#x1f4da;<\/span>\n          Espacios de pr\u00e1ctica profesional para conocer las instituciones educativas, observar y aprender de docentes experimentados y, progresivamente, planificar, llevar a cabo y evaluar propuestas de ense\u00f1anza en las escuelas.\n        <\/li>\n      <\/ul>\n    <\/div>\n\n    <!-- CARACTER\u00cdSTICAS DE LA CARRERA -->\n    <div>\n      <h3 style=\"font-size: 1.5em; color: #1a1a1a; margin-bottom: 25px; font-weight: 700; padding-bottom: 10px; border-bottom: 2px solid #8b1538;\">\n        Caracter\u00edsticas\n      <\/h3>\n      \n      <ul style=\"list-style: none; padding: 0; margin: 0;\">\n        <li style=\"padding: 12px 0; border-bottom: 1px solid #eee; color: #333; line-height: 1.8;\">\n          <span style=\"color: #8b1538; font-weight: 700; margin-right: 15px;\">\u2713<\/span>\n          <strong>Duraci\u00f3n:<\/strong> 4 a\u00f1os.\n        <\/li>\n        <li style=\"padding: 12px 0; border-bottom: 1px solid #eee; color: #333; line-height: 1.8;\">\n          <span style=\"color: #8b1538; font-weight: 700; margin-right: 15px;\">\u2713<\/span>\n          <strong>Modalidad:<\/strong> presencial.\n        <\/li>\n        <li style=\"padding: 12px 0; color: #333; line-height: 1.8;\">\n          <span style=\"color: #8b1538; font-weight: 700; margin-right: 15px;\">\u2713<\/span>\n          <strong>Validez:<\/strong> nacional.\n        <\/li>\n      <\/ul>\n    <\/div>\n\n  <\/div>\n<\/section>\n\n\n<!-- ====== PLAN DE ESTUDIO - EDUCACI\u00d3N PRIMARIA ====== -->\n<section style=\"padding: 60px 20px; background: #f9f9f9; margin: 0 -20px;\">\n  <div style=\"max-width: 1000px; margin: 0 auto;\">\n    \n    <h2 style=\"text-align: center; font-size: 2em; color: #1a1a1a; margin-bottom: 50px; font-weight: 700;\">\n      PLAN DE ESTUDIO\n    <\/h2>\n\n    <div style=\"display: flex; flex-direction: column; gap: 15px;\">\n\n      <!-- 1\u00b0 A\u00d1O -->\n      <div style=\"border: 1px solid #ddd; border-radius: 8px; overflow: hidden; background: white;\">\n        <button onclick=\"toggleYear(this)\" style=\"\n          width: 100%;\n          padding: 18px 20px;\n          background: #8b1538;\n          color: white;\n          border: none;\n          text-align: left;\n          font-size: 1.1em;\n          font-weight: 700;\n          cursor: pointer;\n          display: flex;\n          justify-content: space-between;\n          align-items: center;\n        \" onmouseover=\"this.style.background='#6d0f2b'\" onmouseout=\"this.style.background='#8b1538'\">\n          <span>1\u00b0 A\u00d1O<\/span>\n          <span style=\"font-size: 1.3em;\">\u25bc<\/span>\n        <\/button>\n        <div style=\"display: none; padding: 20px;\">\n          <ul style=\"list-style: none; padding: 0; margin: 0; color: #333;\">\n            <li style=\"padding: 10px 0; border-bottom: 1px solid #eee;\">\u2713 Pedagog\u00eda<\/li>\n            <li style=\"padding: 10px 0; border-bottom: 1px solid #eee;\">\u2713 Problem\u00e1ticas Socioantropol\u00f3gicas en Educaci\u00f3n<\/li>\n            <li style=\"padding: 10px 0; border-bottom: 1px solid #eee;\">\u2713 Psicolog\u00eda y Educaci\u00f3n<\/li>\n            <li style=\"padding: 10px 0; border-bottom: 1px solid #eee;\">\u2713 Argentina en el Mundo Contempor\u00e1neo<\/li>\n            <li style=\"padding: 10px 0; border-bottom: 1px solid #eee;\">\u2713 Lenguaje Digital y Audiovisual<\/li>\n            <li style=\"padding: 10px 0; border-bottom: 1px solid #eee;\">\u2713 Lenguaje Corporal<\/li>\n            <li style=\"padding: 10px 0; border-bottom: 1px solid #eee;\">\u2713 Pr\u00e1ctica Docente I: Contextos y Pr\u00e1cticas Educativas<\/li>\n            <li style=\"padding: 10px 0; border-bottom: 1px solid #eee;\">\u2713 Desarrollo del Pensamiento Matem\u00e1tico<\/li>\n            <li style=\"padding: 10px 0;\">\u2713 Oralidad, Lectura y Escritura<\/li>\n          <\/ul>\n        <\/div>\n      <\/div>\n\n      <!-- 2\u00b0 A\u00d1O -->\n      <div style=\"border: 1px solid #ddd; border-radius: 8px; overflow: hidden; background: white;\">\n        <button onclick=\"toggleYear(this)\" style=\"\n          width: 100%;\n          padding: 18px 20px;\n          background: #8b1538;\n          color: white;\n          border: none;\n          text-align: left;\n          font-size: 1.1em;\n          font-weight: 700;\n          cursor: pointer;\n          display: flex;\n          justify-content: space-between;\n          align-items: center;\n        \" onmouseover=\"this.style.background='#6d0f2b'\" onmouseout=\"this.style.background='#8b1538'\">\n          <span>2\u00b0 A\u00d1O<\/span>\n          <span style=\"font-size: 1.3em;\">\u25bc<\/span>\n        <\/button>\n        <div style=\"display: none; padding: 20px;\">\n          <ul style=\"list-style: none; padding: 0; margin: 0; color: #333;\">\n            <li style=\"padding: 10px 0; border-bottom: 1px solid #eee;\">\u2713 Filosof\u00eda y Educaci\u00f3n<\/li>\n            <li style=\"padding: 10px 0; border-bottom: 1px solid #eee;\">\u2713 Did\u00e1ctica General<\/li>\n            <li style=\"padding: 10px 0; border-bottom: 1px solid #eee;\">\u2713 Lenguaje Art\u00edstico Expresivo<\/li>\n            <li style=\"padding: 10px 0; border-bottom: 1px solid #eee;\">\u2713 Pr\u00e1ctica Docente II: Escuelas, Historias Documentadas y Cotidianeidad<\/li>\n            <li style=\"padding: 10px 0; border-bottom: 1px solid #eee;\">\u2713 Matem\u00e1tica y su Did\u00e1ctica I<\/li>\n            <li style=\"padding: 10px 0; border-bottom: 1px solid #eee;\">\u2713 Lengua y su Did\u00e1ctica<\/li>\n            <li style=\"padding: 10px 0; border-bottom: 1px solid #eee;\">\u2713 Ciencias Naturales y su Did\u00e1ctica I<\/li>\n            <li style=\"padding: 10px 0; border-bottom: 1px solid #eee;\">\u2713 Ciencias Sociales y su Did\u00e1ctica I<\/li>\n            <li style=\"padding: 10px 0;\">\u2713 Sujetos de la Educaci\u00f3n y Convivencia Escolar<\/li>\n          <\/ul>\n        <\/div>\n      <\/div>\n\n      <!-- 3\u00b0 A\u00d1O -->\n      <div style=\"border: 1px solid #ddd; border-radius: 8px; overflow: hidden; background: white;\">\n        <button onclick=\"toggleYear(this)\" style=\"\n          width: 100%;\n          padding: 18px 20px;\n          background: #8b1538;\n          color: white;\n          border: none;\n          text-align: left;\n          font-size: 1.1em;\n          font-weight: 700;\n          cursor: pointer;\n          display: flex;\n          justify-content: space-between;\n          align-items: center;\n        \" onmouseover=\"this.style.background='#6d0f2b'\" onmouseout=\"this.style.background='#8b1538'\">\n          <span>3\u00b0 A\u00d1O<\/span>\n          <span style=\"font-size: 1.3em;\">\u25bc<\/span>\n        <\/button>\n        <div style=\"display: none; padding: 20px;\">\n          <ul style=\"list-style: none; padding: 0; margin: 0; color: #333;\">\n            <li style=\"padding: 10px 0; border-bottom: 1px solid #eee;\">\u2713 Historia y Pol\u00edtica de la Educaci\u00f3n Argentina<\/li>\n            <li style=\"padding: 10px 0; border-bottom: 1px solid #eee;\">\u2713 Pr\u00e1ctica Docente III: El Aula, Espacio del Aprender y del Ense\u00f1ar<\/li>\n            <li style=\"padding: 10px 0; border-bottom: 1px solid #eee;\">\u2713 Matem\u00e1tica y su Did\u00e1ctica II<\/li>\n            <li style=\"padding: 10px 0; border-bottom: 1px solid #eee;\">\u2713 Literatura en el Nivel Primario<\/li>\n            <li style=\"padding: 10px 0; border-bottom: 1px solid #eee;\">\u2713 Alfabetizaci\u00f3n Inicial<\/li>\n            <li style=\"padding: 10px 0; border-bottom: 1px solid #eee;\">\u2713 Ciencias Naturales y su Did\u00e1ctica II<\/li>\n            <li style=\"padding: 10px 0; border-bottom: 1px solid #eee;\">\u2713 Taller de Ciencias en la Escuela<\/li>\n            <li style=\"padding: 10px 0; border-bottom: 1px solid #eee;\">\u2713 Ciencias Sociales y su Did\u00e1ctica II<\/li>\n            <li style=\"padding: 10px 0; border-bottom: 1px solid #eee;\">\u2713 Educaci\u00f3n Art\u00edstico Expresiva<\/li>\n            <li style=\"padding: 10px 0;\">\u2713 TIC y la Ense\u00f1anza en el Nivel Primario<\/li>\n          <\/ul>\n        <\/div>\n      <\/div>\n\n      <!-- 4\u00b0 A\u00d1O -->\n      <div style=\"border: 1px solid #ddd; border-radius: 8px; overflow: hidden; background: white;\">\n        <button onclick=\"toggleYear(this)\" style=\"\n          width: 100%;\n          padding: 18px 20px;\n          background: #8b1538;\n          color: white;\n          border: none;\n          text-align: left;\n          font-size: 1.1em;\n          font-weight: 700;\n          cursor: pointer;\n          display: flex;\n          justify-content: space-between;\n          align-items: center;\n        \" onmouseover=\"this.style.background='#6d0f2b'\" onmouseout=\"this.style.background='#8b1538'\">\n          <span>4\u00b0 A\u00d1O<\/span>\n          <span style=\"font-size: 1.3em;\">\u25bc<\/span>\n        <\/button>\n        <div style=\"display: none; padding: 20px;\">\n          <ul style=\"list-style: none; padding: 0; margin: 0; color: #333;\">\n            <li style=\"padding: 10px 0; border-bottom: 1px solid #eee;\">\u2713 \u00c9tica y Construcci\u00f3n de Ciudadan\u00eda<\/li>\n            <li style=\"padding: 10px 0; border-bottom: 1px solid #eee;\">\u2713 Pr\u00e1ctica Docente IV y Residencia: Recrear las Pr\u00e1cticas Docentes<\/li>\n            <li style=\"padding: 10px 0; border-bottom: 1px solid #eee;\">\u2713 Problem\u00e1ticas y Desaf\u00edos del Nivel Primario<\/li>\n            <li style=\"padding: 10px 0; border-bottom: 1px solid #eee;\">\u2713 Educaci\u00f3n F\u00edsica en el Nivel Primario<\/li>\n            <li style=\"padding: 10px 0;\">\u2713 Educaci\u00f3n Sexual Integral<\/li>\n          <\/ul>\n        <\/div>\n      <\/div>\n\n    <\/div>\n  <\/div>\n<\/section>\n\n<script>\nfunction toggleYear(button) {\n  const content = button.nextElementSibling;\n  const arrow = button.querySelector('span:last-child');\n  \n  if (content.style.display === 'none') {\n    content.style.display = 'block';\n    arrow.textContent = '\u25b2';\n  } else {\n    content.style.display = 'none';\n    arrow.textContent = '\u25bc';\n  }\n}\n<\/script>\n\n","protected":false},"excerpt":{"rendered":"<p>Finalidades y Perfil de la Formaci\u00f3n Docente de Educaci\u00f3n Primaria El Profesorado de Educaci\u00f3n Primaria te prepara para ser docente de grado de ni\u00f1os o adultos en instituciones educativas de gesti\u00f3n p\u00fablica o privada, escuelas rurales, urbanas o centros de alfabetizaci\u00f3n. Como profesional de la Educaci\u00f3n Primaria vas a saber dise\u00f1ar, planificar y evaluar los &#8230; <a title=\"EDUCACI\u00d3N PRIMARIA\" class=\"read-more\" href=\"https:\/\/isdsoto-cba.infd.edu.ar\/sitio\/educacion-primaria\/\" aria-label=\"More on EDUCACI\u00d3N PRIMARIA\">[+]<\/a><\/p>\n","protected":false},"author":13,"featured_media":0,"parent":0,"menu_order":0,"comment_status":"closed","ping_status":"closed","template":"","meta":[],"acf":[],"_links":{"self":[{"href":"https:\/\/isdsoto-cba.infd.edu.ar\/sitio\/wp-json\/wp\/v2\/pages\/1185"}],"collection":[{"href":"https:\/\/isdsoto-cba.infd.edu.ar\/sitio\/wp-json\/wp\/v2\/pages"}],"about":[{"href":"https:\/\/isdsoto-cba.infd.edu.ar\/sitio\/wp-json\/wp\/v2\/types\/page"}],"author":[{"embeddable":true,"href":"https:\/\/isdsoto-cba.infd.edu.ar\/sitio\/wp-json\/wp\/v2\/users\/13"}],"replies":[{"embeddable":true,"href":"https:\/\/isdsoto-cba.infd.edu.ar\/sitio\/wp-json\/wp\/v2\/comments?post=1185"}],"version-history":[{"count":4,"href":"https:\/\/isdsoto-cba.infd.edu.ar\/sitio\/wp-json\/wp\/v2\/pages\/1185\/revisions"}],"predecessor-version":[{"id":1222,"href":"https:\/\/isdsoto-cba.infd.edu.ar\/sitio\/wp-json\/wp\/v2\/pages\/1185\/revisions\/1222"}],"wp:attachment":[{"href":"https:\/\/isdsoto-cba.infd.edu.ar\/sitio\/wp-json\/wp\/v2\/media?parent=1185"}],"curies":[{"name":"wp","href":"https:\/\/api.w.org\/{rel}","templated":true}]}}